{"id":6,"date":"2014-04-09T15:48:01","date_gmt":"2014-04-09T13:48:01","guid":{"rendered":"http:\/\/bauverein-ketteler.de\/_wp2014\/?page_id=6"},"modified":"2025-10-10T08:08:27","modified_gmt":"2025-10-10T06:08:27","slug":"bvk_index","status":"publish","type":"page","link":"https:\/\/bauverein-ketteler.de\/_wp2014\/","title":{"rendered":"index.php"},"content":{"rendered":"\n<h1 class=\"wp-block-heading\">Wohnen in M\u00fcnster<\/h1>\n\n\n<p class=\"slogan\">Seit \u00fcber 70 Jahren schaffen wir in <a href=\"https:\/\/www.stadt-muenster.de\/rathaus.html\" target=\"_blank\" rel=\"noopener noreferrer\">M\u00fcnster<\/a> Wohnraum f\u00fcr alle. Als Wohnungsbaugenossenschaft machen wir uns f\u00fcr bezahlbare, gepflegte Wohnungen stark. So schaffen, <a href=\"https:\/\/bauverein-ketteler.de\/_wp2014\/fragebogen-fuer-wohnungsinteressenten\/\">vermieten<\/a> und verwalten wir in verschiedenen Stadtteilen M\u00fcnsters Wohnraum \u2013 vom Single-Appartement bis zum Vier-Zimmer-Zuhause. Wir m\u00f6chten, dass Sie als Wohnungssuchende\/r bei uns f\u00fcndig werden. Uns liegt am Herzen, dass Sie sich als Mieter\/in wohlf\u00fchlen und als Mitglied im Bauverein mitbestimmen. Und wir wollen weiteren attraktiven Wohnraum f\u00fcr M\u00fcnster bauen und <a href=\"https:\/\/bauverein-ketteler.de\/_wp2014\/suche\/\">suchen st\u00e4ndig nach Grundst\u00fccken<\/a>, H\u00e4usern und Partnern. Wir freuen uns darauf, Sie kennen zu lernen.<\/p>\n\n\n<h2 class=\"centered\"><span>Neues<\/span><\/h2>\n\n\n\n<div id='News_\/_Blog' class='widgets_on_page wop_tiny1  wop_small1  wop_medium1  wop_large1  wop_wide1'>\n\t\t\t<ul><li id=\"dorayaki_recentposts-3\" class=\"widget widget_dorayaki_recentposts\">\n\t\t\t<ul class=\"dorayaki-rp\">\n\t\t\t\t\n\t\t\t\t\t<li class=\"rp-box\">\n\t\t\t\t\t\t<div class=\"rp-header\">\n\t\t\t\t\t\t\t<a href=\"https:\/\/bauverein-ketteler.de\/_wp2014\/information-neuvermietung-wolbecker-strasse\/\" class=\"rp-date\">5. M\u00e4rz 2026<\/a>\n\t\t\t\t\t\t\t<h3 class=\"rp-title\"><a href=\"https:\/\/bauverein-ketteler.de\/_wp2014\/information-neuvermietung-wolbecker-strasse\/\">Information Neuvermietung Wolbecker Stra\u00dfe<\/a><\/h3>\n\t\t\t\t\t\t<\/div><!-- end .rp-header -->\n\t\t\t\t\t\t<div class=\"rp-summary\">\n\t\t\t\t\t\t\t\t\t\t\t\t\t\t\t<a href=\"https:\/\/bauverein-ketteler.de\/_wp2014\/information-neuvermietung-wolbecker-strasse\/\" class=\"rp-thumb\"><img loading=\"lazy\" decoding=\"async\" width=\"1180\" height=\"590\" src=\"https:\/\/bauverein-ketteler.de\/_wp2014\/wp-content\/uploads\/2023\/12\/Wolbecker-Strasse-1180x590.jpg\" class=\"attachment-post-thumbnail size-post-thumbnail wp-post-image\" alt=\"\" \/><\/a>\n\t\t\t\t\t\t\t\t\t\t\t\t\t\t<p>Jetzt zugreifen \u2013 Ihre neue Wohnung wartet!In der Wolbecker Stra\u00dfe 95 sind noch 2 attraktive Wohnungen mit jeweils &hellip; <\/p>\n<p><a href=\"https:\/\/bauverein-ketteler.de\/_wp2014\/information-neuvermietung-wolbecker-strasse\/\" class=\"more-link\"><span class=\"morelink-icon\">Weiterlesen<\/span><\/a><\/p>\n\t\t\t\t\t\t<\/div><!-- end .rp-summary -->\n\t\t\t\t\t\t<div class=\"rp-meta\">\n\t\t\t\t\t\t\t\t\t\t\t\t\t\t\t\t\t\t\t\t<\/div><!-- end .rp-meta -->\n\t\t\t\t\t<\/li>\n\t\t\t\t\t\n\t\t\t\t\t<li class=\"rp-box\">\n\t\t\t\t\t\t<div class=\"rp-header\">\n\t\t\t\t\t\t\t<a href=\"https:\/\/bauverein-ketteler.de\/_wp2014\/bauen-mieten-wohlfuehlen-ausgabe-13-02-2025\/\" class=\"rp-date\">12. Dezember 2025<\/a>\n\t\t\t\t\t\t\t<h3 class=\"rp-title\"><a href=\"https:\/\/bauverein-ketteler.de\/_wp2014\/bauen-mieten-wohlfuehlen-ausgabe-13-02-2025\/\">bauen mieten wohlf\u00fchlen (Ausgabe 13 \u2013 02\/2025)<\/a><\/h3>\n\t\t\t\t\t\t<\/div><!-- end .rp-header -->\n\t\t\t\t\t\t<div class=\"rp-summary\">\n\t\t\t\t\t\t\t\t\t\t\t\t\t\t\t<a href=\"https:\/\/bauverein-ketteler.de\/_wp2014\/bauen-mieten-wohlfuehlen-ausgabe-13-02-2025\/\" class=\"rp-thumb\"><img loading=\"lazy\" decoding=\"async\" width=\"1024\" height=\"590\" src=\"https:\/\/bauverein-ketteler.de\/_wp2014\/wp-content\/uploads\/2025\/12\/titel_magazin2_2025-1024x590.jpg\" class=\"attachment-post-thumbnail size-post-thumbnail wp-post-image\" alt=\"\" \/><\/a>\n\t\t\t\t\t\t\t\t\t\t\t\t\t\t<p>Wir freuen uns, Ihnen die neuste digitale Ausgabe unseres Magazins&nbsp;\u201abauen mieten wohlf\u00fchlen\u2018&nbsp;pr\u00e4sentieren zu k\u00f6nnen. Inhalt: Hier finden Sie &hellip; <\/p>\n<p><a href=\"https:\/\/bauverein-ketteler.de\/_wp2014\/bauen-mieten-wohlfuehlen-ausgabe-13-02-2025\/\" class=\"more-link\"><span class=\"morelink-icon\">Weiterlesen<\/span><\/a><\/p>\n\t\t\t\t\t\t<\/div><!-- end .rp-summary -->\n\t\t\t\t\t\t<div class=\"rp-meta\">\n\t\t\t\t\t\t\t\t\t\t\t\t\t\t\t\t\t\t\t\t<\/div><!-- end .rp-meta -->\n\t\t\t\t\t<\/li>\n\t\t\t\t\t\n\t\t\t\t\t<li class=\"rp-box\">\n\t\t\t\t\t\t<div class=\"rp-header\">\n\t\t\t\t\t\t\t<a href=\"https:\/\/bauverein-ketteler.de\/_wp2014\/information-zum-glasfaserausbau-in-ihrer-wohnung\/\" class=\"rp-date\">28. Juli 2025<\/a>\n\t\t\t\t\t\t\t<h3 class=\"rp-title\"><a href=\"https:\/\/bauverein-ketteler.de\/_wp2014\/information-zum-glasfaserausbau-in-ihrer-wohnung\/\">Information zum Glasfaserausbau in Ihrer Wohnung<\/a><\/h3>\n\t\t\t\t\t\t<\/div><!-- end .rp-header -->\n\t\t\t\t\t\t<div class=\"rp-summary\">\n\t\t\t\t\t\t\t\t\t\t\t\t\t\t\t<a href=\"https:\/\/bauverein-ketteler.de\/_wp2014\/information-zum-glasfaserausbau-in-ihrer-wohnung\/\" class=\"rp-thumb\"><img loading=\"lazy\" decoding=\"async\" width=\"1024\" height=\"590\" src=\"https:\/\/bauverein-ketteler.de\/_wp2014\/wp-content\/uploads\/2025\/07\/glasfaser_beitrag-1024x590.jpg\" class=\"attachment-post-thumbnail size-post-thumbnail wp-post-image\" alt=\"\" \/><\/a>\n\t\t\t\t\t\t\t\t\t\t\t\t\t\t<p>Wir freuen uns, Ihnen mitteilen zu k\u00f6nnen, dass in unserem Geb\u00e4ude demn\u00e4chst ein moderner Glasfaseranschluss bis in jede &hellip; <\/p>\n<p><a href=\"https:\/\/bauverein-ketteler.de\/_wp2014\/information-zum-glasfaserausbau-in-ihrer-wohnung\/\" class=\"more-link\"><span class=\"morelink-icon\">Weiterlesen<\/span><\/a><\/p>\n\t\t\t\t\t\t<\/div><!-- end .rp-summary -->\n\t\t\t\t\t\t<div class=\"rp-meta\">\n\t\t\t\t\t\t\t\t\t\t\t\t\t\t\t\t\t\t\t\t<\/div><!-- end .rp-meta -->\n\t\t\t\t\t<\/li>\n\t\t\t\t\t\n\t\t\t\t\t<li class=\"rp-box\">\n\t\t\t\t\t\t<div class=\"rp-header\">\n\t\t\t\t\t\t\t<a href=\"https:\/\/bauverein-ketteler.de\/_wp2014\/bauen-mieten-wohlfuehlen-ausgabe-12-01-2025\/\" class=\"rp-date\">6. Juni 2025<\/a>\n\t\t\t\t\t\t\t<h3 class=\"rp-title\"><a href=\"https:\/\/bauverein-ketteler.de\/_wp2014\/bauen-mieten-wohlfuehlen-ausgabe-12-01-2025\/\">bauen mieten wohlf\u00fchlen (Ausgabe 12 &#8211; 01\/2025)<\/a><\/h3>\n\t\t\t\t\t\t<\/div><!-- end .rp-header -->\n\t\t\t\t\t\t<div class=\"rp-summary\">\n\t\t\t\t\t\t\t\t\t\t\t\t\t\t\t<a href=\"https:\/\/bauverein-ketteler.de\/_wp2014\/bauen-mieten-wohlfuehlen-ausgabe-12-01-2025\/\" class=\"rp-thumb\"><img loading=\"lazy\" decoding=\"async\" width=\"1024\" height=\"590\" src=\"https:\/\/bauverein-ketteler.de\/_wp2014\/wp-content\/uploads\/2025\/06\/titelbild06_2025-1024x590.jpg\" class=\"attachment-post-thumbnail size-post-thumbnail wp-post-image\" alt=\"\" \/><\/a>\n\t\t\t\t\t\t\t\t\t\t\t\t\t\t<p>Wir freuen uns, Ihnen die neuste digitale Ausgabe unseres Magazins&nbsp;\u201abauen mieten wohlf\u00fchlen\u2018&nbsp;pr\u00e4sentieren zu k\u00f6nnen. Inhalt: Hier finden Sie &hellip; <\/p>\n<p><a href=\"https:\/\/bauverein-ketteler.de\/_wp2014\/bauen-mieten-wohlfuehlen-ausgabe-12-01-2025\/\" class=\"more-link\"><span class=\"morelink-icon\">Weiterlesen<\/span><\/a><\/p>\n\t\t\t\t\t\t<\/div><!-- end .rp-summary -->\n\t\t\t\t\t\t<div class=\"rp-meta\">\n\t\t\t\t\t\t\t\t\t\t\t\t\t\t\t\t\t\t\t\t<\/div><!-- end .rp-meta -->\n\t\t\t\t\t<\/li>\n\t\t\t\t\t\t\t\t\t\t\t\t\t<\/ul><!-- end .dorayaki-rp -->\n\t\t <\/li><\/ul><\/div><!-- widgets_on_page -->\n\n\n<h2 class=\"centered\"><span>Aktuelle Angebote<\/span><\/h2>\n\n\n\n<div id='Portfolio' class='widgets_on_page wop_tiny1  wop_small1  wop_medium1  wop_large1  wop_wide1'>\n\t\t\t<ul><li id=\"dorayaki_portfolio-2\" class=\"widget widget_dorayaki_portfolio\">\n\t\t\t\t\n\t\t\t\t\t<div class=\"portfolio-box\">\n\t\t\t\t\t\t\t\t\t\t\t\t\t<a href=\"https:\/\/bauverein-ketteler.de\/_wp2014\/information-neuvermietung-wolbecker-strasse\/\" class=\"portfolio-thumb\"><img loading=\"lazy\" decoding=\"async\" width=\"1180\" height=\"590\" src=\"https:\/\/bauverein-ketteler.de\/_wp2014\/wp-content\/uploads\/2023\/12\/Wolbecker-Strasse-1180x590.jpg\" class=\"attachment-post-thumbnail size-post-thumbnail wp-post-image\" alt=\"\" \/><\/a>\n\t\t\t\t\t\t\t\t\t\t\t\t<h3 class=\"portfolio-title\"><a href=\"https:\/\/bauverein-ketteler.de\/_wp2014\/information-neuvermietung-wolbecker-strasse\/\">Information Neuvermietung Wolbecker Stra\u00dfe<\/a><\/h3>\n\t\t\t\t\t\t<div class=\"portfolio-entry-cats\"><a href=\"https:\/\/bauverein-ketteler.de\/_wp2014\/category\/angebote\/\" rel=\"category tag\">Angebote<\/a> &sdot; <a href=\"https:\/\/bauverein-ketteler.de\/_wp2014\/category\/blog\/\" rel=\"category tag\">Blog<\/a> &sdot; <a href=\"https:\/\/bauverein-ketteler.de\/_wp2014\/category\/news\/\" rel=\"category tag\">News<\/a><\/div>\n\t\t\t\t\t<\/div><!-- end .portfolio-box -->\n\t\t\t\t\t\n\t\t\t\t\t<div class=\"portfolio-box\">\n\t\t\t\t\t\t\t\t\t\t\t\t\t<a href=\"https:\/\/bauverein-ketteler.de\/_wp2014\/garagen-stellplaetze\/\" class=\"portfolio-thumb\"><img loading=\"lazy\" decoding=\"async\" width=\"640\" height=\"480\" src=\"https:\/\/bauverein-ketteler.de\/_wp2014\/wp-content\/uploads\/2017\/07\/angebot_ohne_bild.jpg\" class=\"attachment-post-thumbnail size-post-thumbnail wp-post-image\" alt=\"\" srcset=\"https:\/\/bauverein-ketteler.de\/_wp2014\/wp-content\/uploads\/2017\/07\/angebot_ohne_bild.jpg 640w, https:\/\/bauverein-ketteler.de\/_wp2014\/wp-content\/uploads\/2017\/07\/angebot_ohne_bild-600x450.jpg 600w\" sizes=\"auto, (max-width: 640px) 100vw, 640px\" \/><\/a>\n\t\t\t\t\t\t\t\t\t\t\t\t<h3 class=\"portfolio-title\"><a href=\"https:\/\/bauverein-ketteler.de\/_wp2014\/garagen-stellplaetze\/\">Garagen &#038; Stellpl\u00e4tze <small>an der Allensteiner Str. in M\u00fcnster zu vermieten<\/small><\/a><\/h3>\n\t\t\t\t\t\t<div class=\"portfolio-entry-cats\"><a href=\"https:\/\/bauverein-ketteler.de\/_wp2014\/category\/angebote\/\" rel=\"category tag\">Angebote<\/a><\/div>\n\t\t\t\t\t<\/div><!-- end .portfolio-box -->\n\t\t\t\t\t\t\t\t\t\t\t\t <\/li><\/ul><\/div><!-- widgets_on_page -->\n\n\n<h2 class=\"centered\"><span>Kontakt<\/span><\/h2>\n\n\n\n<div id='Kontakt' class='widgets_on_page wop_tiny1  wop_small1  wop_medium1  wop_large1  wop_wide1'>\n\t\t\t<ul><li id=\"dorayaki_contactbox-3\" class=\"widget widget_dorayaki_contactbox\">\n\t\t\t<div class=\"contact-box clearfix\">\n\t\t\t\t<div class=\"cb-map\">\n\t\t\t\t\t\t\t\t\t<\/div><!-- end .cb-map -->\n\t\t\t\t<div class=\"cb-info clearfix\">\n\t\t\t\t\t<div class=\"cb-address-wrap\">\n\t\t\t\t\t\t<div class=\"cb-address\"><p>Bauverein Ketteler eG<br \/>\nKappenberger Damm 58 d<br \/>\n48151 M\u00fcnster<\/p>\n<\/div>\n\t\t\t\t\t\t<div class=\"cb-additional\">Telefon: 0251 - 48 210 0<br>\r\nTelefax: 0251 - 48 210 50<\/div>\t\t\t\t\t\t\t\t\t\t\t<\/div><!-- end .cb-address-wrap -->\n\t\t\t\t\t<div class=\"cb-emails\">\n\t\t\t\t\t\t<h5>Email an uns<\/h5>\n\t\t\t\t\t\t<h6>Teilen Sie uns Ihr Anliegen per E-Mail mit: <\/h6>\n\t\t\t\t\t\t<span><a href=\"mailto:info@bauverein-ketteler.de\">info (at) bauverein-ketteler.de<\/a><\/span>\n\t\t\t\t\t\t\t\t\t\t\t\t\t\t\t\t\t<\/div><!-- end .cb-emails -->\n\t\t\t\t<\/div><!-- end .cb-info -->\n\t\t\t<\/div><!-- end .contact-box -->\n\n\t\t <\/li><\/ul><\/div><!-- widgets_on_page -->\n","protected":false},"excerpt":{"rendered":"<p>Wohnen in M\u00fcnster<\/p>\n","protected":false},"author":1,"featured_media":0,"parent":0,"menu_order":0,"comment_status":"closed","ping_status":"closed","template":"page-templates\/full-width.php","meta":{"footnotes":""},"class_list":["post-6","page","type-page","status-publish","hentry"],"_links":{"self":[{"href":"https:\/\/bauverein-ketteler.de\/_wp2014\/wp-json\/wp\/v2\/pages\/6","targetHints":{"allow":["GET"]}}],"collection":[{"href":"https:\/\/bauverein-ketteler.de\/_wp2014\/wp-json\/wp\/v2\/pages"}],"about":[{"href":"https:\/\/bauverein-ketteler.de\/_wp2014\/wp-json\/wp\/v2\/types\/page"}],"author":[{"embeddable":true,"href":"https:\/\/bauverein-ketteler.de\/_wp2014\/wp-json\/wp\/v2\/users\/1"}],"replies":[{"embeddable":true,"href":"https:\/\/bauverein-ketteler.de\/_wp2014\/wp-json\/wp\/v2\/comments?post=6"}],"version-history":[{"count":154,"href":"https:\/\/bauverein-ketteler.de\/_wp2014\/wp-json\/wp\/v2\/pages\/6\/revisions"}],"predecessor-version":[{"id":3041,"href":"https:\/\/bauverein-ketteler.de\/_wp2014\/wp-json\/wp\/v2\/pages\/6\/revisions\/3041"}],"wp:attachment":[{"href":"https:\/\/bauverein-ketteler.de\/_wp2014\/wp-json\/wp\/v2\/media?parent=6"}],"curies":[{"name":"wp","href":"https:\/\/api.w.org\/{rel}","templated":true}]}}